{"version":"1.0","provider_name":"Az \u00e9let \u00e9s az igazs\u00e1g nev\u00e9ben.","provider_url":"https:\/\/miepamagyarokert.cafeblog.hu","author_name":"paradiseangelica","author_url":"https:\/\/miepamagyarokert.cafeblog.hu\/author\/paradiseangelica\/","title":"SOROS-BOTR\u00c1NY","html":"<div class=\"_2cuy _3dgx _2vxa\">A Simicska-Jobbik plak\u00e1tkamp\u00e1nyra v\u00e1laszolva a korm\u00e1nyzat Soros Gy\u00f6rgy arc\u00e1val plak\u00e1tolta tele az orsz\u00e1got, jelezve, hogy t\u00f6r\u00e9s van a h\u00e1rom \u00e9vtizedes Soros Gy\u00f6rgyh\u00f6z f\u0171z\u0151d\u0151 viszonyban, \u00e9s jelezve Simicsk\u00e1nak, hogy n\u00e9lk\u00fcle is k\u00e9pes a Fidesz tot\u00e1lis \u00f3ri\u00e1splak\u00e1ttal befoly\u00e1solni a v\u00e1laszt\u00f3kat.<\/div>\r\n<div class=\"_2cuy _3dgx _2vxa\">A Magyar Igazs\u00e1g \u00e9s \u00c9let P\u00e1rtja szerint mindk\u00e9t oligarcha csoport vissza\u00e9lt a v\u00e1laszt\u00e1si t\u00f6rv\u00e9nnyel, \u00e9s megs\u00e9rtette a hat\u00e1lyos jogszab\u00e1lyokat.<\/div>\r\n<div class=\"_2cuy _3dgx _2vxa\">Az akci\u00f3 szervezetts\u00e9g\u00e9t mutatja, hogy cs\u00fct\u00f6rt\u00f6k \u00e9jf\u00e9lre Orb\u00e1n Viktor kiadta a parancsot: minden Soros-plak\u00e1tot el kell t\u00e1vol\u00edtani!<\/div>\r\n<div class=\"_2cuy _3dgx _2vxa\">Ennek oka, hogy Netanjahu izraeli minisztereln\u00f6k l\u00e1togat\u00e1s\u00e1t \u00e9s a vizes vb p\u00e9nteki nyit\u00f3napj\u00e1t ne \u00e1rny\u00e9kolja be egy Soros Gy\u00f6rgy \u00e1ltal is antiszemit\u00e1nak min\u0151s\u00edtett plak\u00e1tkamp\u00e1ny.<\/div>\r\n<div class=\"_2cuy _3dgx _2vxa\">Noha a zsid\u00f3 minisztereln\u00f6k c\u00e1folta, hogy Soros b\u00edr\u00e1lata antiszemitizmus lenne, hiszen a vil\u00e1g legnagyobb nemzetk\u00f6zi sz\u00e9lh\u00e1mosa Izraelben sem sz\u00edvesen l\u00e1tott vend\u00e9g, ahogyan Csehorsz\u00e1gb\u00f3l, Horv\u00e1torsz\u00e1gb\u00f3l, Oroszorsz\u00e1gb\u00f3l \u00e9s sz\u00e1mos hely\u00e9r\u0151l a vil\u00e1gnak ki van tiltva.<\/div>\r\n<div class=\"_2cuy _3dgx _2vxa\">A kilencvenes \u00e9vekben vil\u00e1gm\u00e9ret\u0171v\u00e9 v\u00e1lt csal\u00e1ssorozata, amikor a brit fontot vagy a t\u00e1vol-keleti t\u0151zsd\u00e9ket megingatta, nem k\u00edv\u00e1natos szem\u00e9lly\u00e9 tette \u0151t.<\/div>\r\n<div class=\"_2cuy _3dgx _2vxa\">Az\u00e9rt ker\u00fclt Magyarorsz\u00e1gra, mert itt szab\u00e1lyosan felv\u00e1s\u00e1rolta a politikai elitet, p\u00e1rthovatartoz\u00e1st\u00f3l f\u00fcggetlen\u00fcl.<\/div>\r\n<div class=\"_2cuy _3dgx _2vxa\">A mostani kakaskod\u00e1s ellen\u00e9re a magyar korm\u00e1ny k\u00e9tsz\u00edn\u0171 politik\u00e1t folytat, mert a v\u00e1laszt\u00f3k sz\u00e1m\u00e1ra \u2013 akik nagy t\u00f6meg\u00fckben egy\u00e9rtelm\u0171en elutas\u00edtj\u00e1k a t\u0151zsdespekul\u00e1ns befoly\u00e1s\u00e1t \u2013 egy\u00e9rtelm\u0171v\u00e9 tette Orb\u00e1n Viktor a szemben\u00e1ll\u00e1st. Ugyanakkor semmilyen komoly l\u00e9p\u00e9s nem t\u00f6rt\u00e9nt Soros Gy\u00f6rgy meg\u00e1ll\u00edt\u00e1s\u00e1ra.<\/div>\r\n<div class=\"_2cuy _3dgx _2vxa\">V\u00e1ltozatlanul m\u0171k\u00f6dnek a terrorizmust seg\u00edt\u0151 civilnek \u00e1lc\u00e1zott NGO-szervezetek Magyarorsz\u00e1gon, \u00e9s v\u00e1ltozatlanul k\u00e9pezi a terrorizmust seg\u00edt\u0151 aktivist\u00e1kat a f\u0151v\u00e1ros sz\u00edv\u00e9ben a N\u00e1dor utc\u00e1ban a Soros-egyetem, amelyr\u0151l kider\u00fclt ugyan, hogy nem egyetem, mert nem folytat alapk\u00e9pz\u00e9st, csak posztgradu\u00e1lis tanfolyamai vannak diplom\u00e1sok sz\u00e1m\u00e1ra n\u00e9h\u00e1ny, a tisztess\u00e9ges vil\u00e1gban felesleges t\u00e9mak\u00f6rben, mint gender-k\u00e9pz\u00e9s, nemek \u00e9s t\u00e1rsadalmi r\u00e9tegek k\u00f6z\u00f6tti ellent\u00e9tek sz\u00edt\u00e1sa, sz\u00e9ls\u0151s\u00e9ges liber\u00e1lis k\u00f6zgazdas\u00e1g \u00e9s hasonl\u00f3k.<\/div>\r\n<div class=\"_2cuy _3dgx _2vxa\">M\u00e1r Csurka Istv\u00e1n \u00e9s Antall J\u00f3zsef is kimondta, hogy Soros Gy\u00f6rgy int\u00e9zm\u00e9nye nem egyetem, csup\u00e1n egy alap\u00edtv\u00e1ny, m\u00e9gsem t\u00f6rt\u00e9nt korm\u00e1nyzati szint\u0171 l\u00e9p\u00e9s ebben a k\u00e9rd\u00e9sben, noha az elm\u00falt \u00e9vek bomlaszt\u00f3 t\u00fcntet\u00e9sei \u00e9s p\u00e1rtalap\u00edt\u00e1sai \u2013 pl. Momentum \u00e9s t\u00e1rsai \u2013 m\u00f6g\u00f6tt kimutathat\u00f3an ez a sz\u0171k csoport \u00e1ll. Soros \u201eegyetem\u00e9n 66 magyar \u00e9s 400 k\u00fclf\u00f6ldi \u201edi\u00e1k\u201d tanul, akiknek t\u00f6bbs\u00e9ge t\u00f6rv\u00e9nytelen tev\u00e9kenys\u00e9gekben \u00e9rintett.<\/div>\r\n<div class=\"_2cuy _3dgx _2vxa\">Nagy Tibor a Magyar Igazs\u00e1g \u00e9s \u00c9let P\u00e1rtja eln\u00f6ke kimondta az igazs\u00e1got: a korm\u00e1nyzat akkor lenne egyenes, \u0151szinte \u00e9s becs\u00fcletes, ha vizsg\u00e1latot ind\u00edtana az \u00e1lcivil \u00e9s \u00e1loktat\u00e1si int\u00e9zm\u00e9nyek ellen, \u00e9s annak lez\u00e1r\u00e1s\u00e1ig Soros Gy\u00f6rgy egyetem\u00e9t m\u00e9g ezen a h\u00e9ten bez\u00e1rn\u00e1.<\/div>\r\n<div class=\"_2cuy _3dgx _2vxa\">\u00a0<\/div>\r\n<div class=\"_2cuy _3dgx _2vxa\">A MI\u00c9P Eln\u00f6ks\u00e9ge<\/div>\r\n<div class=\"_2cuy _3dgx _2vxa\"><a href=\"https:\/\/miepamagyarokert.cafeblog.hu\/files\/2017\/07\/18447416_1180478878729819_960817131850941861_n.jpg\"><img class=\"alignnone size-medium wp-image-388\" src=\"https:\/\/miepamagyarokert.cafeblog.hu\/files\/2017\/07\/18447416_1180478878729819_960817131850941861_n-259x300.jpg\" alt=\"\" width=\"259\" height=\"300\" \/><\/a><\/div>","type":"rich","thumbnail_url":"https:\/\/miepamagyarokert.cafeblog.hu\/files\/2017\/07\/18447416_1180478878729819_960817131850941861_n-150x150.jpg","thumbnail_width":150,"thumbnail_height":150}